{"id":8272,"date":"2025-01-27T10:18:00","date_gmt":"2025-01-27T10:18:00","guid":{"rendered":"https:\/\/www.imkshop.gr\/product\/du-character-hellenique-de-la-macedoine-1897-1928\/"},"modified":"2025-01-27T10:18:00","modified_gmt":"2025-01-27T10:18:00","slug":"du-character-hellenique-de-la-macedoine-1897-1928","status":"publish","type":"product","link":"https:\/\/www.imkshop.gr\/en\/product\/du-character-hellenique-de-la-macedoine-1897-1928\/","title":{"rendered":"Du character Hellenique de la Macedoine (1897-1928)"},"content":{"rendered":"<p>George N. Hatzidakis<\/p>\n<p>Series of foreign language studies in French and German<br \/>about the Hellenism of the Ancient Macedonians and Greekness<br \/>of Macedonia by the linguist Georgios N. Hatzidakis.<\/p>\n<p>\u201cPuis viennent les Italiens, qui ont \u00e9t\u00e9 pendant quinze si\u00e8cles la proie<br \/>d&#039;une foule de conquerants? les \u00c9gyptiens encore esclaves? the Syrians,<br \/> cr\u00e9ateurs des deux plus nobles religions qui aient consol\u00e9 les hommes?<br \/>enfin les Macedonies qui gemissent aujourd&#039;hui sous le joug des Turcs<br \/>et gemiront demain peut-\u00eatres sous celui des Autrichiens.\u201d<\/p>\n<p>Available in bilingual version: French-German<br \/>\nPublications: E.K.I.M. (Society for Cretan Historical Studies), 1992<br \/>\nPages: 104<br \/>\nDimensions: 24\u00d717 cm.<\/p>","protected":false},"excerpt":{"rendered":"<p>\u0393\u03b5\u03ce\u03c1\u03b3\u03b9\u03bf\u03c2 \u039d. \u03a7\u03b1\u03c4\u03b6\u03b7\u03b4\u03ac\u03ba\u03b7\u03c2 \u03a3\u03b5\u03b9\u03c1\u03ac \u03be\u03b5\u03bd\u03cc\u03b3\u03bb\u03c9\u03c3\u03c3\u03c9\u03bd \u03bc\u03b5\u03bb\u03b5\u03c4\u03b7\u03bc\u03ac\u03c4\u03c9\u03bd \u03c3\u03c4\u03b7 \u03b3\u03b1\u03bb\u03bb\u03b9\u03ba\u03ae \u03ba\u03b1\u03b9 \u03b3\u03b5\u03c1\u03bc\u03b1\u03bd\u03b9\u03ba\u03ae \u03b3\u03bb\u03ce\u03c3\u03c3\u03b1\u03c0\u03b5\u03c1\u03af \u03c4\u03bf\u03c5 \u0395\u03bb\u03bb\u03b7\u03bd\u03b9\u03c3\u03bc\u03bf\u03cd \u03c4\u03c9\u03bd \u0391\u03c1\u03c7\u03b1\u03af\u03c9\u03bd \u039c\u03b1\u03ba\u03b5\u03b4\u03cc\u03bd\u03c9\u03bd \u03ba\u03b1\u03b9 \u03c4\u03b7\u03c2 \u03b5\u03bb\u03bb\u03b7\u03bd\u03b9\u03ba\u03cc\u03c4\u03b7\u03c4\u03b1\u03c2\u03c4\u03b7\u03c2 \u039c\u03b1\u03ba\u03b5\u03b4\u03bf\u03bd\u03af\u03b1\u03c2 \u03b1\u03c0\u03cc \u03c4\u03bf\u03bd \u03b3\u03bb\u03c9\u03c3\u03c3\u03bf\u03bb\u03cc\u03b3\u03bf \u0393\u03b5\u03ce\u03c1\u03b3\u03b9\u03bf \u039d. \u03a7\u03b1\u03c4\u03b6\u03b7\u03b4\u03ac\u03ba\u03b7. &#8220;Puis viennent les Italiens, qui ont \u00e9t\u00e9 pendant quinze si\u00e8cles la proied&#8217;une foule de conquerants; les \u00c9gyptiens encore esclaves; les Syriens, cr\u00e9ateurs des deux plus nobles religions qui aient [&hellip;]<\/p>","protected":false},"featured_media":7582,"template":"","meta":[],"product_brand":[],"product_cat":[51],"product_tag":[],"class_list":{"0":"post-8272","1":"product","2":"type-product","3":"status-publish","4":"has-post-thumbnail","6":"product_cat-studiesandtexts","8":"first","9":"instock","10":"taxable","11":"shipping-taxable","12":"purchasable","13":"product-type-simple"},"yoast_head":"<!-- This site is optimized with the Yoast SEO plugin v24.7 - https:\/\/yoast.com\/wordpress\/plugins\/seo\/ -->\n<title>Du character Hellenique de la Macedoine (1897-1928) - IMK E-shop<\/title>\n<meta name=\"robots\" content=\"index, follow, max-snippet:-1, max-image-preview:large, max-video-preview:-1\" \/>\n<link rel=\"canonical\" href=\"https:\/\/www.imkshop.gr\/en\/product\/du-character-hellenique-de-la-macedoine-1897-1928\/\" \/>\n<meta property=\"og:locale\" content=\"en_GB\" \/>\n<meta property=\"og:type\" content=\"article\" \/>\n<meta property=\"og:title\" content=\"Du character Hellenique de la Macedoine (1897-1928) - IMK E-shop\" \/>\n<meta property=\"og:description\" content=\"\u0393\u03b5\u03ce\u03c1\u03b3\u03b9\u03bf\u03c2 \u039d. \u03a7\u03b1\u03c4\u03b6\u03b7\u03b4\u03ac\u03ba\u03b7\u03c2 \u03a3\u03b5\u03b9\u03c1\u03ac \u03be\u03b5\u03bd\u03cc\u03b3\u03bb\u03c9\u03c3\u03c3\u03c9\u03bd \u03bc\u03b5\u03bb\u03b5\u03c4\u03b7\u03bc\u03ac\u03c4\u03c9\u03bd \u03c3\u03c4\u03b7 \u03b3\u03b1\u03bb\u03bb\u03b9\u03ba\u03ae \u03ba\u03b1\u03b9 \u03b3\u03b5\u03c1\u03bc\u03b1\u03bd\u03b9\u03ba\u03ae \u03b3\u03bb\u03ce\u03c3\u03c3\u03b1\u03c0\u03b5\u03c1\u03af \u03c4\u03bf\u03c5 \u0395\u03bb\u03bb\u03b7\u03bd\u03b9\u03c3\u03bc\u03bf\u03cd \u03c4\u03c9\u03bd \u0391\u03c1\u03c7\u03b1\u03af\u03c9\u03bd \u039c\u03b1\u03ba\u03b5\u03b4\u03cc\u03bd\u03c9\u03bd \u03ba\u03b1\u03b9 \u03c4\u03b7\u03c2 \u03b5\u03bb\u03bb\u03b7\u03bd\u03b9\u03ba\u03cc\u03c4\u03b7\u03c4\u03b1\u03c2\u03c4\u03b7\u03c2 \u039c\u03b1\u03ba\u03b5\u03b4\u03bf\u03bd\u03af\u03b1\u03c2 \u03b1\u03c0\u03cc \u03c4\u03bf\u03bd \u03b3\u03bb\u03c9\u03c3\u03c3\u03bf\u03bb\u03cc\u03b3\u03bf \u0393\u03b5\u03ce\u03c1\u03b3\u03b9\u03bf \u039d. \u03a7\u03b1\u03c4\u03b6\u03b7\u03b4\u03ac\u03ba\u03b7. &#8220;Puis viennent les Italiens, qui ont \u00e9t\u00e9 pendant quinze si\u00e8cles la proied&#8217;une foule de conquerants; les \u00c9gyptiens encore esclaves; les Syriens, cr\u00e9ateurs des deux plus nobles religions qui aient [&hellip;]\" \/>\n<meta property=\"og:url\" content=\"https:\/\/www.imkshop.gr\/en\/product\/du-character-hellenique-de-la-macedoine-1897-1928\/\" \/>\n<meta property=\"og:site_name\" content=\"IMK E-shop\" \/>\n<meta property=\"article:publisher\" content=\"https:\/\/www.facebook.com\/historicalmuseumofcrete\" \/>\n<meta property=\"og:image\" content=\"https:\/\/www.imkshop.gr\/wp-content\/uploads\/2025\/01\/275-380-thickbox.jpg\" \/>\n\t<meta property=\"og:image:width\" content=\"600\" \/>\n\t<meta property=\"og:image:height\" content=\"600\" \/>\n\t<meta property=\"og:image:type\" content=\"image\/jpeg\" \/>\n<meta name=\"twitter:card\" content=\"summary_large_image\" \/>\n<meta name=\"twitter:site\" content=\"@istoriko\" \/>\n<script type=\"application\/ld+json\" class=\"yoast-schema-graph\">{\"@context\":\"https:\/\/schema.org\",\"@graph\":[{\"@type\":\"WebPage\",\"@id\":\"https:\/\/www.imkshop.gr\/product\/du-character-hellenique-de-la-macedoine-1897-1928\/\",\"url\":\"https:\/\/www.imkshop.gr\/product\/du-character-hellenique-de-la-macedoine-1897-1928\/\",\"name\":\"Du character Hellenique de la Macedoine (1897-1928) - IMK E-shop\",\"isPartOf\":{\"@id\":\"https:\/\/www.imkshop.gr\/#website\"},\"primaryImageOfPage\":{\"@id\":\"https:\/\/www.imkshop.gr\/product\/du-character-hellenique-de-la-macedoine-1897-1928\/#primaryimage\"},\"image\":{\"@id\":\"https:\/\/www.imkshop.gr\/product\/du-character-hellenique-de-la-macedoine-1897-1928\/#primaryimage\"},\"thumbnailUrl\":\"https:\/\/www.imkshop.gr\/wp-content\/uploads\/2025\/01\/275-380-thickbox.jpg\",\"datePublished\":\"2025-01-27T10:18:00+00:00\",\"breadcrumb\":{\"@id\":\"https:\/\/www.imkshop.gr\/product\/du-character-hellenique-de-la-macedoine-1897-1928\/#breadcrumb\"},\"inLanguage\":\"en-GB\",\"potentialAction\":[{\"@type\":\"ReadAction\",\"target\":[\"https:\/\/www.imkshop.gr\/product\/du-character-hellenique-de-la-macedoine-1897-1928\/\"]}]},{\"@type\":\"ImageObject\",\"inLanguage\":\"en-GB\",\"@id\":\"https:\/\/www.imkshop.gr\/product\/du-character-hellenique-de-la-macedoine-1897-1928\/#primaryimage\",\"url\":\"https:\/\/www.imkshop.gr\/wp-content\/uploads\/2025\/01\/275-380-thickbox.jpg\",\"contentUrl\":\"https:\/\/www.imkshop.gr\/wp-content\/uploads\/2025\/01\/275-380-thickbox.jpg\",\"width\":600,\"height\":600},{\"@type\":\"BreadcrumbList\",\"@id\":\"https:\/\/www.imkshop.gr\/product\/du-character-hellenique-de-la-macedoine-1897-1928\/#breadcrumb\",\"itemListElement\":[{\"@type\":\"ListItem\",\"position\":1,\"name\":\"Home\",\"item\":\"https:\/\/www.imkshop.gr\/\"},{\"@type\":\"ListItem\",\"position\":2,\"name\":\"Shop\",\"item\":\"https:\/\/www.imkshop.gr\/shop\/\"},{\"@type\":\"ListItem\",\"position\":3,\"name\":\"Du character Hellenique de la Macedoine (1897-1928)\"}]},{\"@type\":\"WebSite\",\"@id\":\"https:\/\/www.imkshop.gr\/#website\",\"url\":\"https:\/\/www.imkshop.gr\/\",\"name\":\"IMK E-shop\",\"description\":\"\",\"publisher\":{\"@id\":\"https:\/\/www.imkshop.gr\/#organization\"},\"potentialAction\":[{\"@type\":\"SearchAction\",\"target\":{\"@type\":\"EntryPoint\",\"urlTemplate\":\"https:\/\/www.imkshop.gr\/?s={search_term_string}\"},\"query-input\":{\"@type\":\"PropertyValueSpecification\",\"valueRequired\":true,\"valueName\":\"search_term_string\"}}],\"inLanguage\":\"en-GB\"},{\"@type\":\"Organization\",\"@id\":\"https:\/\/www.imkshop.gr\/#organization\",\"name\":\"IMK E-shop\",\"url\":\"https:\/\/www.imkshop.gr\/\",\"logo\":{\"@type\":\"ImageObject\",\"inLanguage\":\"en-GB\",\"@id\":\"https:\/\/www.imkshop.gr\/#\/schema\/logo\/image\/\",\"url\":\"https:\/\/www.imkshop.gr\/wp-content\/uploads\/2025\/01\/IMK-SHOP.svg\",\"contentUrl\":\"https:\/\/www.imkshop.gr\/wp-content\/uploads\/2025\/01\/IMK-SHOP.svg\",\"width\":777,\"height\":148,\"caption\":\"IMK E-shop\"},\"image\":{\"@id\":\"https:\/\/www.imkshop.gr\/#\/schema\/logo\/image\/\"},\"sameAs\":[\"https:\/\/www.facebook.com\/historicalmuseumofcrete\",\"https:\/\/x.com\/istoriko\",\"https:\/\/www.instagram.com\/historical_museum_of_crete\"]}]}<\/script>\n<!-- \/ Yoast SEO plugin. -->","yoast_head_json":{"title":"Du character Hellenique de la Macedoine (1897-1928) - IMK E-shop","robots":{"index":"index","follow":"follow","max-snippet":"max-snippet:-1","max-image-preview":"max-image-preview:large","max-video-preview":"max-video-preview:-1"},"canonical":"https:\/\/www.imkshop.gr\/en\/product\/du-character-hellenique-de-la-macedoine-1897-1928\/","og_locale":"en_GB","og_type":"article","og_title":"Du character Hellenique de la Macedoine (1897-1928) - IMK E-shop","og_description":"\u0393\u03b5\u03ce\u03c1\u03b3\u03b9\u03bf\u03c2 \u039d. \u03a7\u03b1\u03c4\u03b6\u03b7\u03b4\u03ac\u03ba\u03b7\u03c2 \u03a3\u03b5\u03b9\u03c1\u03ac \u03be\u03b5\u03bd\u03cc\u03b3\u03bb\u03c9\u03c3\u03c3\u03c9\u03bd \u03bc\u03b5\u03bb\u03b5\u03c4\u03b7\u03bc\u03ac\u03c4\u03c9\u03bd \u03c3\u03c4\u03b7 \u03b3\u03b1\u03bb\u03bb\u03b9\u03ba\u03ae \u03ba\u03b1\u03b9 \u03b3\u03b5\u03c1\u03bc\u03b1\u03bd\u03b9\u03ba\u03ae \u03b3\u03bb\u03ce\u03c3\u03c3\u03b1\u03c0\u03b5\u03c1\u03af \u03c4\u03bf\u03c5 \u0395\u03bb\u03bb\u03b7\u03bd\u03b9\u03c3\u03bc\u03bf\u03cd \u03c4\u03c9\u03bd \u0391\u03c1\u03c7\u03b1\u03af\u03c9\u03bd \u039c\u03b1\u03ba\u03b5\u03b4\u03cc\u03bd\u03c9\u03bd \u03ba\u03b1\u03b9 \u03c4\u03b7\u03c2 \u03b5\u03bb\u03bb\u03b7\u03bd\u03b9\u03ba\u03cc\u03c4\u03b7\u03c4\u03b1\u03c2\u03c4\u03b7\u03c2 \u039c\u03b1\u03ba\u03b5\u03b4\u03bf\u03bd\u03af\u03b1\u03c2 \u03b1\u03c0\u03cc \u03c4\u03bf\u03bd \u03b3\u03bb\u03c9\u03c3\u03c3\u03bf\u03bb\u03cc\u03b3\u03bf \u0393\u03b5\u03ce\u03c1\u03b3\u03b9\u03bf \u039d. \u03a7\u03b1\u03c4\u03b6\u03b7\u03b4\u03ac\u03ba\u03b7. &#8220;Puis viennent les Italiens, qui ont \u00e9t\u00e9 pendant quinze si\u00e8cles la proied&#8217;une foule de conquerants; les \u00c9gyptiens encore esclaves; les Syriens, cr\u00e9ateurs des deux plus nobles religions qui aient [&hellip;]","og_url":"https:\/\/www.imkshop.gr\/en\/product\/du-character-hellenique-de-la-macedoine-1897-1928\/","og_site_name":"IMK E-shop","article_publisher":"https:\/\/www.facebook.com\/historicalmuseumofcrete","og_image":[{"width":600,"height":600,"url":"https:\/\/www.imkshop.gr\/wp-content\/uploads\/2025\/01\/275-380-thickbox.jpg","type":"image\/jpeg"}],"twitter_card":"summary_large_image","twitter_site":"@istoriko","schema":{"@context":"https:\/\/schema.org","@graph":[{"@type":"WebPage","@id":"https:\/\/www.imkshop.gr\/product\/du-character-hellenique-de-la-macedoine-1897-1928\/","url":"https:\/\/www.imkshop.gr\/product\/du-character-hellenique-de-la-macedoine-1897-1928\/","name":"Du character Hellenique de la Macedoine (1897-1928) - IMK E-shop","isPartOf":{"@id":"https:\/\/www.imkshop.gr\/#website"},"primaryImageOfPage":{"@id":"https:\/\/www.imkshop.gr\/product\/du-character-hellenique-de-la-macedoine-1897-1928\/#primaryimage"},"image":{"@id":"https:\/\/www.imkshop.gr\/product\/du-character-hellenique-de-la-macedoine-1897-1928\/#primaryimage"},"thumbnailUrl":"https:\/\/www.imkshop.gr\/wp-content\/uploads\/2025\/01\/275-380-thickbox.jpg","datePublished":"2025-01-27T10:18:00+00:00","breadcrumb":{"@id":"https:\/\/www.imkshop.gr\/product\/du-character-hellenique-de-la-macedoine-1897-1928\/#breadcrumb"},"inLanguage":"en-GB","potentialAction":[{"@type":"ReadAction","target":["https:\/\/www.imkshop.gr\/product\/du-character-hellenique-de-la-macedoine-1897-1928\/"]}]},{"@type":"ImageObject","inLanguage":"en-GB","@id":"https:\/\/www.imkshop.gr\/product\/du-character-hellenique-de-la-macedoine-1897-1928\/#primaryimage","url":"https:\/\/www.imkshop.gr\/wp-content\/uploads\/2025\/01\/275-380-thickbox.jpg","contentUrl":"https:\/\/www.imkshop.gr\/wp-content\/uploads\/2025\/01\/275-380-thickbox.jpg","width":600,"height":600},{"@type":"BreadcrumbList","@id":"https:\/\/www.imkshop.gr\/product\/du-character-hellenique-de-la-macedoine-1897-1928\/#breadcrumb","itemListElement":[{"@type":"ListItem","position":1,"name":"Home","item":"https:\/\/www.imkshop.gr\/"},{"@type":"ListItem","position":2,"name":"Shop","item":"https:\/\/www.imkshop.gr\/shop\/"},{"@type":"ListItem","position":3,"name":"Du character Hellenique de la Macedoine (1897-1928)"}]},{"@type":"WebSite","@id":"https:\/\/www.imkshop.gr\/#website","url":"https:\/\/www.imkshop.gr\/","name":"IMK E-shop","description":"","publisher":{"@id":"https:\/\/www.imkshop.gr\/#organization"},"potentialAction":[{"@type":"SearchAction","target":{"@type":"EntryPoint","urlTemplate":"https:\/\/www.imkshop.gr\/?s={search_term_string}"},"query-input":{"@type":"PropertyValueSpecification","valueRequired":true,"valueName":"search_term_string"}}],"inLanguage":"en-GB"},{"@type":"Organization","@id":"https:\/\/www.imkshop.gr\/#organization","name":"IMK E-shop","url":"https:\/\/www.imkshop.gr\/","logo":{"@type":"ImageObject","inLanguage":"en-GB","@id":"https:\/\/www.imkshop.gr\/#\/schema\/logo\/image\/","url":"https:\/\/www.imkshop.gr\/wp-content\/uploads\/2025\/01\/IMK-SHOP.svg","contentUrl":"https:\/\/www.imkshop.gr\/wp-content\/uploads\/2025\/01\/IMK-SHOP.svg","width":777,"height":148,"caption":"IMK E-shop"},"image":{"@id":"https:\/\/www.imkshop.gr\/#\/schema\/logo\/image\/"},"sameAs":["https:\/\/www.facebook.com\/historicalmuseumofcrete","https:\/\/x.com\/istoriko","https:\/\/www.instagram.com\/historical_museum_of_crete"]}]}},"_links":{"self":[{"href":"https:\/\/www.imkshop.gr\/en\/wp-json\/wp\/v2\/product\/8272","targetHints":{"allow":["GET"]}}],"collection":[{"href":"https:\/\/www.imkshop.gr\/en\/wp-json\/wp\/v2\/product"}],"about":[{"href":"https:\/\/www.imkshop.gr\/en\/wp-json\/wp\/v2\/types\/product"}],"wp:featuredmedia":[{"embeddable":true,"href":"https:\/\/www.imkshop.gr\/en\/wp-json\/wp\/v2\/media\/7582"}],"wp:attachment":[{"href":"https:\/\/www.imkshop.gr\/en\/wp-json\/wp\/v2\/media?parent=8272"}],"wp:term":[{"taxonomy":"product_brand","embeddable":true,"href":"https:\/\/www.imkshop.gr\/en\/wp-json\/wp\/v2\/product_brand?post=8272"},{"taxonomy":"product_cat","embeddable":true,"href":"https:\/\/www.imkshop.gr\/en\/wp-json\/wp\/v2\/product_cat?post=8272"},{"taxonomy":"product_tag","embeddable":true,"href":"https:\/\/www.imkshop.gr\/en\/wp-json\/wp\/v2\/product_tag?post=8272"}],"curies":[{"name":"wp","href":"https:\/\/api.w.org\/{rel}","templated":true}]}}